{"id":26,"date":"2024-08-21T07:51:05","date_gmt":"2024-08-21T07:51:05","guid":{"rendered":"https:\/\/www.mavlastcms.cz\/?page_id=26"},"modified":"2024-09-16T08:07:02","modified_gmt":"2024-09-16T08:07:02","slug":"psali-o-nas","status":"publish","type":"page","link":"https:\/\/www.mavlastcms.cz\/?page_id=26","title":{"rendered":"Psali o n\u00e1s"},"content":{"rendered":"<p>[et_pb_section fb_built=&#8220;1&#8243; _builder_version=&#8220;4.10.2&#8243; _module_preset=&#8220;default&#8220; global_colors_info=&#8220;{}&#8220;][et_pb_row column_structure=&#8220;1_2,1_2&#8243; _builder_version=&#8220;4.10.2&#8243; _module_preset=&#8220;default&#8220; global_colors_info=&#8220;{}&#8220;][et_pb_column type=&#8220;1_2&#8243; _builder_version=&#8220;4.10.2&#8243; _module_preset=&#8220;default&#8220; global_colors_info=&#8220;{}&#8220;][et_pb_image src=&#8220;http:\/\/www.mavlastcms.cz\/wp-content\/uploads\/2024\/09\/Untitled-1-pdf.jpg&#8220; _builder_version=&#8220;4.10.2&#8243; _module_preset=&#8220;default&#8220; title_text=&#8220;Untitled-1&#8243; hover_enabled=&#8220;0&#8243; sticky_enabled=&#8220;0&#8243;][\/et_pb_image][et_pb_text _builder_version=&#8220;4.10.2&#8243; _module_preset=&#8220;default&#8220; global_colors_info=&#8220;{}&#8220;]<\/p>\n<div class=\"td_block_wrap tdb_title tdi_65 tdb-single-title td-pb-border-top td_block_template_1\" data-td-block-uid=\"tdi_65\">\n<div class=\"tdb-block-inner td-fix-index\">\n<h1 class=\"tdb-title-text\" style=\"text-align: center;\"><strong><span style=\"color: #000000;\">Hnut\u00ed M\u00e1 vlast \u010cMS jde do voleb na Vyso\u010din\u011b se zna\u010dkou AK47 a snahou vym\u00fdtit korupci<\/span><\/strong><\/h1>\n<\/div>\n<\/div>\n<div class=\"td_block_wrap tdb_single_featured_image tdi_69 tdb-content-horiz-left td-pb-border-top td_block_template_1\" data-td-block-uid=\"tdi_69\">\n<div class=\"tdb-block-inner td-fix-index\">\n<figure><strong><span style=\"color: #000000;\"><a href=\"https:\/\/www.iportal24.cz\/wp-content\/uploads\/2022\/09\/volby-e1663953772388.jpg\" data-caption=\"ILUSTRA\u010cN\u00cd FOTO - iportaL24.cz\/Petr Kojzar\" class=\"td-modal-image\" style=\"color: #000000;\"><img decoding=\"async\" fetchpriority=\"high\" width=\"696\" height=\"430\" class=\"entry-thumb\" src=\"https:\/\/www.iportal24.cz\/wp-content\/uploads\/2022\/09\/volby-e1663953772388.jpg\" srcset=\"https:\/\/www.iportal24.cz\/wp-content\/uploads\/2022\/09\/volby-e1663953772388.jpg 1004w, https:\/\/www.iportal24.cz\/wp-content\/uploads\/2022\/09\/volby-e1663953772388-300x185.jpg 300w, https:\/\/www.iportal24.cz\/wp-content\/uploads\/2022\/09\/volby-e1663953772388-768x474.jpg 768w, https:\/\/www.iportal24.cz\/wp-content\/uploads\/2022\/09\/volby-e1663953772388-680x420.jpg 680w, https:\/\/www.iportal24.cz\/wp-content\/uploads\/2022\/09\/volby-e1663953772388-640x395.jpg 640w, https:\/\/www.iportal24.cz\/wp-content\/uploads\/2022\/09\/volby-e1663953772388-681x421.jpg 681w\" sizes=\"(max-width: 696px) 100vw, 696px\" alt=\"\" title=\"volby\" style=\"display: block; margin-left: auto; margin-right: auto;\" \/><\/a><\/span><\/strong><\/p><figcaption class=\"tdb-caption-text\"><span style=\"color: #000000;\">ILUSTRA\u010cN\u00cd FOTO &#8211; iportaL24.cz\/Petr Kojzar<\/span><\/figcaption><\/figure>\n<\/div>\n<\/div>\n<div class=\"td_block_wrap tdb_single_content tdi_70 td-pb-border-top td_block_template_1 td-post-content tagdiv-type\" data-td-block-uid=\"tdi_70\">\n<div class=\"tdb-block-inner td-fix-index\">\n<p><span style=\"color: #000000;\"><strong>S\u00a0volebn\u00ed zna\u010dkou AK47 jde do krajsk\u00fdch voleb hnut\u00ed M\u00e1 vlast \u010cechy, Morava, Slezsko (\u010cMS). Jeho vznik ozn\u00e1mil na konci \u010dervna pr\u00e1vn\u00edk a publicista Lud\u011bk R\u016f\u017ei\u010dka, b\u00fdval\u00fd \u010dlen Voln\u00e9ho Bloku \u010di strany DOMOV (psali jsme\u00a0<a href=\"https:\/\/www.iportal24.cz\/featured\/vznikla-nova-strana-tercem-jsou-oligarchove-ale-nit-nenechava-suchou-ani-na-kvaziopozici\/\" title=\"zde\" style=\"color: #000000;\">zde<\/a>).<\/strong><\/span><\/p>\n<p><span style=\"color: #000000;\">Kandid\u00e1tku dala M\u00e1 vlast \u010cechy, Morava, Slezsko v\u00a0rekordn\u011b kr\u00e1tk\u00e9 dob\u011b dohromady v\u00a0Kraji Vyso\u010dina, kde z\u00e1rove\u0148 bude R\u016f\u017ei\u010dka kandidovat do Sen\u00e1tu.\u00a0<em>\u00bbNa\u0161\u00edm c\u00edlem je zabr\u00e1nit tomu, aby znovu ovl\u00e1dli kraj politici propojen\u00ed s\u00a0organizovan\u00fdm zlo\u010dinem a zkorumpovanou \u010deskou justic\u00ed. Chceme, aby se do zastupitelstva dostali lidi pr\u00e1ce, kte\u0159\u00ed pou\u017e\u00edvaj\u00ed selsk\u00fd rozum a kte\u0159\u00ed za svou pr\u00e1ci oproti na\u0161im politik\u016fm, st\u00e1tn\u00edm \u00fa\u0159edn\u00edk\u016fm a zejm\u00e9na soudc\u016fm nesou plnou zodpov\u011bdnost za p\u0159\u00edpadn\u00fd ne\u00fasp\u011bch a s\u00a0n\u00edm spojen\u00e9 riziko,\u00ab<\/em>\u00a0uvedl dnes pro iportaL24.cz R\u016f\u017ei\u010dka.<\/span><\/p>\n<p><span style=\"color: #000000;\"><em>\u00bb\u0158e\u0161en\u00ed pro Vyso\u010dinu je AK47,\u00ab\u00a0<\/em>hl\u00e1s\u00e1 heslo strany. R\u016f\u017ei\u010dka ho vysv\u011btluje n\u00e1sledovn\u011b:\u00a0<em>\u00bbBylo n\u00e1m vylosov\u00e1no \u010d\u00edslo 47 a l\u00eddrem na\u0161eho hnut\u00ed ve volb\u00e1ch jsem j\u00e1 jako jihlavsk\u00fd advok\u00e1t. Zkratka advok\u00e1tn\u00ed kancel\u00e1\u0159e je AK, p\u0159i\u010dem\u017e v\u00a0Jihlav\u011b je i s\u00eddlo na\u0161eho hnut\u00ed, a tak jsme se rozhodli, \u017ee na\u0161\u00ed volebn\u00ed zna\u010dkou bude AK47. V\u00a0t\u00e9to souvislosti bych dodal, \u017ee jsme krajskou kampa\u0148 spojili s\u00a0moj\u00ed kandidaturou do Sen\u00e1tu ve volebn\u00edm\u00a0obvodu \u010d\u00edslo 53 \u2013 T\u0159eb\u00ed\u010d, kde mi bylo vylosov\u00e1no \u010d\u00edslo sedm.\u00ab<\/em><\/span><\/p>\n<figure class=\"wp-block-gallery has-nested-images columns-default is-cropped wp-block-gallery-1 is-layout-flex wp-block-gallery-is-layout-flex\">\n<figure class=\"wp-block-image size-large\"><a href=\"https:\/\/www.iportal24.cz\/wp-content\/uploads\/2024\/08\/ak47.jpg\" class=\"td-modal-image\"><img fetchpriority=\"high\" decoding=\"async\" width=\"724\" height=\"1024\" data-id=\"119431\" src=\"https:\/\/www.iportal24.cz\/wp-content\/uploads\/2024\/08\/ak47-724x1024.jpg\" alt=\"\" class=\"wp-image-119431\" srcset=\"https:\/\/www.iportal24.cz\/wp-content\/uploads\/2024\/08\/ak47-724x1024.jpg 724w, https:\/\/www.iportal24.cz\/wp-content\/uploads\/2024\/08\/ak47-212x300.jpg 212w, https:\/\/www.iportal24.cz\/wp-content\/uploads\/2024\/08\/ak47-768x1086.jpg 768w, https:\/\/www.iportal24.cz\/wp-content\/uploads\/2024\/08\/ak47-150x212.jpg 150w, https:\/\/www.iportal24.cz\/wp-content\/uploads\/2024\/08\/ak47-300x424.jpg 300w, https:\/\/www.iportal24.cz\/wp-content\/uploads\/2024\/08\/ak47-696x984.jpg 696w, https:\/\/www.iportal24.cz\/wp-content\/uploads\/2024\/08\/ak47.jpg 905w\" sizes=\"(max-width: 724px) 100vw, 724px\" \/><\/a><\/figure>\n<\/figure>\n<p><span style=\"color: #000000;\">Toto \u010d\u00edslo si mnohdy politici p\u0159ej\u00ed, proto\u017ee b\u00fdv\u00e1 pova\u017eov\u00e1no za \u0161\u0165astn\u00e9, a t\u00edm i sn\u00e1ze zapamatovateln\u00e9.\u00a0<em>\u00bbJestli je to \u0161\u0165astn\u00e9 \u010d\u00edslo, to nedok\u00e1\u017eu posoudit. Jsem zatvrzel\u00fd ateista netrp\u00edc\u00ed \u017e\u00e1dn\u00fdmi p\u0159edsudky, tud\u00ed\u017e nejsem schopen vn\u00edmat symboly tak, jak to \u010din\u00ed ur\u010dit\u00e1 skupina pomatenc\u016f, kter\u00e1 m\u00edsto toho, aby vzala sv\u016fj osud do vlastn\u00edch rukou, se uchyluje k\u00a0v\u00fdmluv\u00e1m na r\u016fzn\u00e9 stupidn\u00ed symboly,\u00ab\u00a0<\/em>dodal R\u016f\u017ei\u010dka.<\/span><\/p>\n<p><span style=\"color: #000000;\">Volby se budou letos konat v p\u00e1tek a v sobotu 20. a 21. z\u00e1\u0159\u00ed. Za plenty a k urn\u00e1m se p\u016fjde ve 13 kraj\u00edch, do Zastupitelstva hlavn\u00edho m\u011bsta Prahy se vol\u00ed soub\u011b\u017en\u011b s obecn\u00edmi volbami, kter\u00e9 p\u0159ipadaj\u00ed na rok 2026. Soub\u011b\u017en\u011b s krajsk\u00fdmi volbami prob\u011bhnou i volby do t\u0159etiny Sen\u00e1tu Parlamentu \u010cR.<\/span><\/p>\n<blockquote class=\"wp-embedded-content\" data-secret=\"Gc4UKbu30W\"><p><a href=\"https:\/\/www.iportal24.cz\/domaci\/hnuti-ma-vlast-cms-jde-do-voleb-na-vysocine-se-znackou-ak47-a-snahou-vymytit-korupci\/\">Hnut\u00ed M\u00e1 vlast \u010cMS jde do voleb na Vyso\u010din\u011b se zna\u010dkou AK47 a snahou vym\u00fdtit korupci<\/a><\/p><\/blockquote>\n<p><iframe loading=\"lazy\" class=\"wp-embedded-content\" sandbox=\"allow-scripts\" security=\"restricted\" style=\"position: absolute; visibility: hidden;\" title=\"&#8222;Hnut\u00ed M\u00e1 vlast \u010cMS jde do voleb na Vyso\u010din\u011b se zna\u010dkou AK47 a snahou vym\u00fdtit korupci&#8220; &#8212; iportaL24.cz\" src=\"https:\/\/www.iportal24.cz\/domaci\/hnuti-ma-vlast-cms-jde-do-voleb-na-vysocine-se-znackou-ak47-a-snahou-vymytit-korupci\/embed\/#?secret=5A8RlJKn6K#?secret=Gc4UKbu30W\" data-secret=\"Gc4UKbu30W\" width=\"600\" height=\"338\" frameborder=\"0\" marginwidth=\"0\" marginheight=\"0\" scrolling=\"no\"><\/iframe><\/p>\n<\/div>\n<\/div>\n<p>[\/et_pb_text][et_pb_image src=&#8220;http:\/\/www.mavlastcms.cz\/wp-content\/uploads\/2024\/09\/WhatsApp-Image-2024-09-12-at-06.33.39.jpeg&#8220; title_text=&#8220;WhatsApp Image 2024-09-12 at 06.33.39&#8243; _builder_version=&#8220;4.10.2&#8243; _module_preset=&#8220;default&#8220; global_colors_info=&#8220;{}&#8220;][\/et_pb_image][et_pb_image src=&#8220;http:\/\/www.mavlastcms.cz\/wp-content\/uploads\/2024\/09\/Untitled-2-pdf.jpg&#8220; title_text=&#8220;Untitled-2&#8243; _builder_version=&#8220;4.10.2&#8243; _module_preset=&#8220;default&#8220; global_colors_info=&#8220;{}&#8220;][\/et_pb_image][et_pb_text _builder_version=&#8220;4.10.2&#8243; _module_preset=&#8220;default&#8220; global_colors_info=&#8220;{}&#8220;]<\/p>\n<div class=\"td_block_wrap tdb_single_featured_image tdi_69 tdb-content-horiz-left td-pb-border-top td_block_template_1\" data-td-block-uid=\"tdi_69\">\n<h2 class=\"tdb-block-inner td-fix-index\" style=\"text-align: left;\"><span style=\"color: #000000;\"><strong>Svin\u011b, svi\u0148\u00e1rny a svi\u0148\u00e1rni\u010dky<\/strong><\/span><\/h2>\n<div class=\"tdb-block-inner td-fix-index\"><\/div>\n<div class=\"tdb-block-inner td-fix-index\"><span style=\"color: #000000;\"><a href=\"https:\/\/www.iportal24.cz\/wp-content\/uploads\/2024\/08\/ludek_ruzicka_novy.jpg\" data-caption=\"\" class=\"td-modal-image\" style=\"color: #000000;\"><img decoding=\"async\" fetchpriority=\"high\" width=\"696\" height=\"471\" class=\"entry-thumb td-animation-stack-type0-2\" src=\"https:\/\/www.iportal24.cz\/wp-content\/uploads\/2024\/08\/ludek_ruzicka_novy-696x471.jpg\" srcset=\"https:\/\/www.iportal24.cz\/wp-content\/uploads\/2024\/08\/ludek_ruzicka_novy-696x471.jpg 696w, https:\/\/www.iportal24.cz\/wp-content\/uploads\/2024\/08\/ludek_ruzicka_novy-300x203.jpg 300w, https:\/\/www.iportal24.cz\/wp-content\/uploads\/2024\/08\/ludek_ruzicka_novy-768x520.jpg 768w, https:\/\/www.iportal24.cz\/wp-content\/uploads\/2024\/08\/ludek_ruzicka_novy-150x101.jpg 150w, https:\/\/www.iportal24.cz\/wp-content\/uploads\/2024\/08\/ludek_ruzicka_novy.jpg 850w\" sizes=\"(max-width: 696px) 100vw, 696px\" alt=\"\" title=\"ludek_ruzicka_novy\" \/><\/a><\/span><\/div>\n<\/div>\n<div class=\"td_block_wrap tdb_single_content tdi_70 td-pb-border-top td_block_template_1 td-post-content tagdiv-type\" data-td-block-uid=\"tdi_70\">\n<div class=\"tdb-block-inner td-fix-index\">\n<p><span style=\"color: #000000;\"><strong>V\u00a0tomto t\u00fddnu oslavila sv\u00e1tek nejv\u011bt\u0161\u00ed \u010desk\u00e1 svin\u011b Otakar Folt\u00fdn. Bylo by dobr\u00e9 si p\u0159ipomenout, jak se k\u00a0tomuto ozna\u010den\u00ed propracoval. Za\u010dalo to 24.\u00a02.\u00a01976, kdy se \u00bbbol\u0161evick\u00e9\u00ab svini Folt\u00fdnovi star\u0161\u00edmu narodil synek Otak\u00e1rek. Kdy\u017e se sv\u00fdmi kump\u00e1ny jeho narozen\u00ed zap\u00edjel, star\u00e1 svin\u011b Folt\u00fdn litoval, \u017ee jeho partnerka je\u0161t\u011b den nevydr\u017eela, proto\u017ee kluk se mohl narodit 25.\u00a02. \u2013 na V\u00edt\u011bzn\u00fd \u00fanor \u2013 a m\u011bl by to v\u00a0\u017eivot\u011b hned jednodu\u0161\u0161\u00ed.<\/strong><\/span><\/p>\n<p><span style=\"color: #000000;\">Nicm\u00e9n\u011b kluk Otak\u00e1rek, kter\u00fd vyr\u016fstal v protek\u010dn\u00ed prore\u017eimn\u00ed rodin\u011b, se od svin\u011b Folt\u00fdna star\u0161\u00edho velmi rychle u\u010dil a neztratil se ani po zm\u011bn\u011b re\u017eimu v roce 1989. V\u011bdom si sv\u00e9 minulosti a minulosti rodiny, rozhodl se po vzoru prezidenta P\u00e1vka, \u017ee mus\u00ed b\u00fdti agiln\u011bj\u0161\u00edm anebo, jak se \u0159\u00edk\u00e1, pape\u017e\u0161t\u011bj\u0161\u00edm ne\u017e s\u00e1m pape\u017e. D\u016fle\u017eit\u00fd fakt je, \u017ee se narodil do rodiny mysliveck\u00e9ho hospod\u00e1\u0159e, kter\u00fd m\u011bl p\u0159ed rokem 1989 v\u00fdsadn\u00ed postaven\u00ed, proto\u017ee mohl d\u00e1vat doporu\u010den\u00ed, komu bude dovoleno vlastnit kulovou zbra\u0148. U\u010dil se svi\u0148\u00e1rni\u010dky ji\u017e od d\u011btsk\u00fdch let, proto\u017ee, jak v\u00edme v\u0161ichni, hospod\u00e1\u0159em mohl b\u00fdt jen prov\u011b\u0159en\u00fd re\u017eimu loaj\u00e1ln\u00ed \u010dlov\u011bk, kter\u00fd sv\u00e9ho postaven\u00ed \u010dasto zneu\u017e\u00edval. Bu\u010f d\u00e1val doporu\u010den\u00ed za \u00faplatu, nebo lidem, s nimi\u017e nevych\u00e1zel, znemo\u017enil v\u00fdkon myslivosti pomoc\u00ed kulov\u00e9 zbran\u011b.<\/span><\/p>\n<p><span style=\"color: #000000;\">A tak hajzl\u00edk Otak\u00e1rek dost\u00e1val tr\u00e9nink od \u00fatl\u00e9ho d\u011btstv\u00ed, kter\u00fd z\u00faro\u010dil dob\u0159e v\u00a0pozd\u011bj\u0161\u00edm v\u011bku, kdy se prokous\u00e1val funkcemi tak, \u017ee a\u010d bez standardn\u00edho vojensk\u00e9ho vzd\u011bl\u00e1n\u00ed dos\u00e1hl hodnosti plukovn\u00edka. Pot\u00e9, co m\u011bl neshody s\u00a0pseudoministryn\u00ed obrany, bankovn\u00ed \u00fa\u0159ednic\u00ed Janou \u010cernochovou, byl p\u0159e\u0159azen do funkce \u0161\u00e9fa vojensk\u00e9 kancel\u00e1\u0159e sou\u010dasn\u00e9ho prezidenta, s\u00a0n\u00edm\u017e si vzhledem ke sv\u00e9 minulosti n\u00e1ramn\u011b padli do oka.<\/span><\/p>\n<p><span style=\"color: #000000;\">Prezident P\u00e1vek, syn plukovn\u00edka kontrarozv\u011bdky \u010cesk\u00e9 lidov\u00e9 arm\u00e1dy, ihned ve svini Folt\u00fdnovi vyc\u00edtil sp\u0159\u00edzn\u011bnou du\u0161i a doporu\u010dil ho na funkci, kterou v\u00a0sou\u010dasn\u00e9 dob\u011b vykon\u00e1v\u00e1 a na kterou se naprosto hod\u00ed. Rozhodn\u011b by nem\u011bl b\u00fdt ze sv\u00e9ho postu premi\u00e9rem Fialou odvol\u00e1n, proto\u017ee sv\u00fdm primitivn\u00edm chov\u00e1n\u00edm a nulov\u00fdm rozhledem v\u00a0cel\u00e9 nahot\u011b odhal\u00ed pro \u0161ir\u0161\u00ed ve\u0159ejnost tento zh\u00fdral\u00fd syst\u00e9m a podle hesla \u00bb\u010d\u00edm h\u016f\u0159e, t\u00edm l\u00e9pe\u00ab p\u0159isp\u011bje k\u00a0jeho likvidaci.<\/span><\/p>\n<p><span style=\"color: #000000;\"><strong>Lud\u011bk R\u016f\u017ei\u010dka, pr\u00e1vn\u00edk a publicista<\/strong><\/span><\/p>\n<blockquote class=\"wp-embedded-content\" data-secret=\"Nw7qAQPRRC\"><p><a href=\"https:\/\/www.iportal24.cz\/nazory\/svine-svinarny-a-svinarnicky\/\">Svin\u011b, svi\u0148\u00e1rny a svi\u0148\u00e1rni\u010dky<\/a><\/p><\/blockquote>\n<p><iframe loading=\"lazy\" class=\"wp-embedded-content\" sandbox=\"allow-scripts\" security=\"restricted\" style=\"position: absolute; visibility: hidden;\" title=\"&#8222;Svin\u011b, svi\u0148\u00e1rny a svi\u0148\u00e1rni\u010dky&#8220; &#8212; iportaL24.cz\" src=\"https:\/\/www.iportal24.cz\/nazory\/svine-svinarny-a-svinarnicky\/embed\/#?secret=chrMG9bm2L#?secret=Nw7qAQPRRC\" data-secret=\"Nw7qAQPRRC\" width=\"600\" height=\"338\" frameborder=\"0\" marginwidth=\"0\" marginheight=\"0\" scrolling=\"no\"><\/iframe><\/p>\n<\/div>\n<\/div>\n<p>[\/et_pb_text][\/et_pb_column][et_pb_column type=&#8220;1_2&#8243; _builder_version=&#8220;4.10.2&#8243; _module_preset=&#8220;default&#8220; global_colors_info=&#8220;{}&#8220;][et_pb_text _builder_version=&#8220;4.10.2&#8243; _module_preset=&#8220;default&#8220; global_colors_info=&#8220;{}&#8220;]<\/p>\n<div class=\"td_block_wrap tdb_title tdi_65 tdb-single-title td-pb-border-top td_block_template_1\" data-td-block-uid=\"tdi_65\">\n<div class=\"tdb-block-inner td-fix-index\">\n<h1 class=\"tdb-title-text\" style=\"text-align: center;\"><span style=\"color: #000000;\"><strong>Vznikla nov\u00e1 strana. Ter\u010dem jsou oligarchov\u00e9, ale nit nenech\u00e1v\u00e1 suchou ani na \u00bbkvaziopozici\u00ab<\/strong><\/span><\/h1>\n<\/div>\n<\/div>\n<div class=\"td_block_wrap tdb_single_featured_image tdi_69 tdb-content-horiz-left td-pb-border-top td_block_template_1\" data-td-block-uid=\"tdi_69\">\n<div class=\"tdb-block-inner td-fix-index\">\n<figure><span style=\"color: #000000;\"><a href=\"https:\/\/www.iportal24.cz\/wp-content\/uploads\/2024\/06\/volby_ep.jpg\" data-caption=\"ILUSTRA\u010cN\u00cd FOTO - iportaL24.cz\/Petr Kojzar\" class=\"td-modal-image\" style=\"color: #000000;\"><img decoding=\"async\" fetchpriority=\"high\" width=\"696\" height=\"391\" class=\"entry-thumb\" src=\"https:\/\/www.iportal24.cz\/wp-content\/uploads\/2024\/06\/volby_ep-696x391.jpg\" srcset=\"https:\/\/www.iportal24.cz\/wp-content\/uploads\/2024\/06\/volby_ep-696x391.jpg 696w, https:\/\/www.iportal24.cz\/wp-content\/uploads\/2024\/06\/volby_ep-300x168.jpg 300w, https:\/\/www.iportal24.cz\/wp-content\/uploads\/2024\/06\/volby_ep-1024x575.jpg 1024w, https:\/\/www.iportal24.cz\/wp-content\/uploads\/2024\/06\/volby_ep-768x431.jpg 768w, https:\/\/www.iportal24.cz\/wp-content\/uploads\/2024\/06\/volby_ep-150x84.jpg 150w, https:\/\/www.iportal24.cz\/wp-content\/uploads\/2024\/06\/volby_ep-1068x600.jpg 1068w, https:\/\/www.iportal24.cz\/wp-content\/uploads\/2024\/06\/volby_ep.jpg 1108w\" sizes=\"(max-width: 696px) 100vw, 696px\" alt=\"\" title=\"volby_ep\" \/><\/a><\/span><\/p><figcaption class=\"tdb-caption-text\"><span style=\"color: #000000;\">ILUSTRA\u010cN\u00cd FOTO &#8211; iportaL24.cz\/Petr Kojzar<\/span><\/figcaption><\/figure>\n<\/div>\n<\/div>\n<div class=\"td_block_wrap tdb_single_content tdi_70 td-pb-border-top td_block_template_1 td-post-content tagdiv-type\" data-td-block-uid=\"tdi_70\">\n<div class=\"tdb-block-inner td-fix-index\">\n<p><span style=\"color: #000000;\"><strong>M\u00e1 vlast \u010cechy, Morava, Slezsko. To je nov\u00e1 a ji\u017e i \u0159\u00e1dn\u011b zaregistrovan\u00e1 strana na \u010desk\u00e9 politick\u00e9 sc\u00e9n\u011b. Redakci iportaL24.cz o tom jako prvn\u00ed informoval pr\u00e1vn\u00edk a publicista Lud\u011bk R\u016f\u017ei\u010dka. B\u00fdval\u00fd \u010dlen Voln\u00e9ho Bloku a strany DOMOV se spolu s\u00a0n\u011bkdej\u0161\u00edmi spolustran\u00edky hodl\u00e1 v\u00a0nov\u00e9m uskupen\u00ed p\u0159edev\u0161\u00edm vymezit v\u016f\u010di oligarch\u016fm. Podle n\u011bj je nep\u0159ijateln\u00e9, aby byla \u010cesk\u00e1 republika ovl\u00e1d\u00e1na \u00fazkou skupinou lid\u00ed se zna\u010dn\u00fdm ekonomick\u00fdm vlivem.<\/strong><\/span><\/p>\n<p><span style=\"color: #000000;\"><em>\u00bbRozhodli jsme se, \u017ee chceme d\u011blat politiku, kter\u00e1 oslov\u00ed segment lid\u00ed pr\u00e1ce, to znamen\u00e1 drobn\u00e9 a st\u0159edn\u00ed podnikatele a kvalifikovan\u00e9 d\u011bln\u00edky, proto\u017ee sektor mal\u00e9ho a st\u0159edn\u00edho podnik\u00e1n\u00ed pokl\u00e1d\u00e1me za jednu z\u00a0p\u00e1te\u0159n\u00edch ekonomik st\u00e1tu, je\u017e m\u00e1 rozhoduj\u00edc\u00ed dopad na zam\u011bstnanost a soci\u00e1ln\u00ed v\u00fdvoj zem\u011b v\u00a0jednotliv\u00fdch kraj\u00edch. To jsou lid\u00e9, kte\u0159\u00ed tvo\u0159\u00ed protip\u00f3l moci oligarch\u016f, nav\u00edc oproti nim nesou odpov\u011bdnost za p\u0159\u00edpadn\u00fd podnikatelsk\u00fd ne\u00fasp\u011bch,\u00ab<\/em>\u00a0\u0159ekl R\u016f\u017ei\u010dka.<\/span><\/p>\n<p><span style=\"color: #000000;\">Kl\u00ed\u010dov\u00fdm programov\u00fdm bodem strany M\u00e1 vlast \u010cechy, Morava, Slezsko (\u010cMS) je etatizace \u010d\u00e1sti ekonomiky.\u00a0<em>\u00bbJe pot\u0159eba, aby se soukrom\u00e9 strategick\u00e9 podniky p\u0159em\u011bnily na st\u00e1tn\u00ed, eventu\u00e1ln\u011b na sm\u00ed\u0161en\u00e9 s\u00a0\u010d\u00e1ste\u010dn\u00fdm vlastnictv\u00edm st\u00e1tu. C\u00edlem je pos\u00edlit \u00falohu st\u00e1tu nejen v\u00a0podnic\u00edch, ale i cel\u00fdch odv\u011btv\u00edch, jako je zejm\u00e9na energetick\u00fd a potravin\u00e1\u0159sk\u00fd pr\u016fmysl, kde je nezbytn\u00e9 zajistit dostupnost jimi produkovan\u00fdch komodit za p\u0159ijateln\u00e9 ceny pro \u0161irokou ve\u0159ejnost,\u00ab<\/em>\u00a0p\u0159ipojil R\u016f\u017ei\u010dka.\u00a0<em>\u00bbJe pro n\u00e1s naprosto nep\u0159ijateln\u00e9, aby byla \u010cesk\u00e1 republika ovl\u00e1d\u00e1na \u00fazkou skupinou lid\u00ed se zna\u010dn\u00fdm ekonomick\u00fdm vlivem, kter\u00fd byl z\u00edsk\u00e1n v\u00a0obdob\u00ed, je\u017e odstartovala tzv. privatizace. Tento vliv uplat\u0148uj\u00ed na chod parlamentn\u00edch i neparlamentn\u00edch stran, kter\u00e9 pak jednaj\u00ed v\u00a0jejich prosp\u011bch bez ohledu na z\u00e1jmy \u010cesk\u00e9 republiky,\u00ab\u00a0<\/em>dodal.<\/span><\/p>\n<figure class=\"wp-block-gallery has-nested-images columns-default is-cropped wp-block-gallery-1 is-layout-flex wp-block-gallery-is-layout-flex\">\n<figure class=\"wp-block-image size-large\"><a href=\"https:\/\/www.iportal24.cz\/wp-content\/uploads\/2024\/03\/ludek_ruzicka_nova.jpg\" class=\"td-modal-image\"><img fetchpriority=\"high\" decoding=\"async\" width=\"960\" height=\"720\" data-id=\"104650\" src=\"https:\/\/www.iportal24.cz\/wp-content\/uploads\/2024\/03\/ludek_ruzicka_nova.jpg\" alt=\"\" class=\"wp-image-104650\" srcset=\"https:\/\/www.iportal24.cz\/wp-content\/uploads\/2024\/03\/ludek_ruzicka_nova.jpg 960w, https:\/\/www.iportal24.cz\/wp-content\/uploads\/2024\/03\/ludek_ruzicka_nova-300x225.jpg 300w, https:\/\/www.iportal24.cz\/wp-content\/uploads\/2024\/03\/ludek_ruzicka_nova-768x576.jpg 768w, https:\/\/www.iportal24.cz\/wp-content\/uploads\/2024\/03\/ludek_ruzicka_nova-560x420.jpg 560w, https:\/\/www.iportal24.cz\/wp-content\/uploads\/2024\/03\/ludek_ruzicka_nova-80x60.jpg 80w, https:\/\/www.iportal24.cz\/wp-content\/uploads\/2024\/03\/ludek_ruzicka_nova-100x75.jpg 100w, https:\/\/www.iportal24.cz\/wp-content\/uploads\/2024\/03\/ludek_ruzicka_nova-180x135.jpg 180w, https:\/\/www.iportal24.cz\/wp-content\/uploads\/2024\/03\/ludek_ruzicka_nova-238x178.jpg 238w, https:\/\/www.iportal24.cz\/wp-content\/uploads\/2024\/03\/ludek_ruzicka_nova-265x198.jpg 265w, https:\/\/www.iportal24.cz\/wp-content\/uploads\/2024\/03\/ludek_ruzicka_nova-640x480.jpg 640w, https:\/\/www.iportal24.cz\/wp-content\/uploads\/2024\/03\/ludek_ruzicka_nova-681x511.jpg 681w\" sizes=\"(max-width: 960px) 100vw, 960px\" \/><\/a><\/p><figcaption class=\"wp-element-caption\"><span style=\"color: #000000;\">Lud\u011bk R\u016f\u017ei\u010dka<\/span><\/figcaption><\/figure>\n<\/figure>\n<p><span style=\"color: #000000;\">Za politick\u00e9ho nep\u0159\u00edtele pova\u017euje nov\u00e1 strana \u00bbzlo\u010dineck\u00e9 gangy organizovan\u00e9 kolem oligarch\u016f\u00ab.\u00a0<em>\u00bbNav\u00edc se naprosto distancujeme od lumpenproletari\u00e1tu, tj. lid\u00ed pr\u00e1ce se \u0161t\u00edt\u00edc\u00edch, pracuj\u00edc\u00edch sporadicky, r\u016fzn\u00fdch vy\u017e\u00edrk\u016f a pochybn\u00fdch existenc\u00ed, kter\u00e9 si bohu\u017eel osvojily n\u00e1zev vlastenci. Tento segment voli\u010d\u016f s\u00a0radost\u00ed p\u0159enech\u00e1v\u00e1me politick\u00fdm uskupen\u00edm, jako je PRO, \u010cesk\u00e1 republika na 1. m\u00edst\u011b, Referendum \u2013 Hlas Lidu a dal\u0161\u00edm,\u00ab<\/em>\u00a0uvedl R\u016f\u017ei\u010dka s\u00a0dodatkem, \u017ee nov\u00e1 strana v\u00a0sou\u010dasn\u00e9 dob\u011b \u017e\u00e1dn\u00e9ho politick\u00e9ho partnera nehled\u00e1 a z\u00e1\u0159ijov\u00e9 krajsk\u00e9 i sen\u00e1tn\u00ed volby, jich\u017e se v\u00a0ur\u010dit\u00e9m rozsahu hodl\u00e1 z\u00fa\u010dastnit, bude br\u00e1t jako test sv\u00fdch my\u0161lenek.<\/span><\/p>\n<p><span style=\"color: #000000;\">M\u00e1 vlast \u010cMS hodl\u00e1 s\u00e1zet na kontaktn\u00ed kampa\u0148.\u00a0<em>\u00bbRozhodn\u011b nehodl\u00e1me vytv\u00e1\u0159et \u017e\u00e1dn\u00e9 bubliny podporovatel\u016f prost\u0159ednictv\u00edm Facebooku, to se v\u00a0minulosti neosv\u011bd\u010dilo. Na to dojelo PRO a dal\u0161\u00ed strany, v\u00a0minulosti nap\u0159\u00edklad Voln\u00fd Blok. Budeme s\u00e1zet ryze na osobn\u00ed kampa\u0148, jeliko\u017e na\u0161\u00edm ter\u010dem jsou oligarchov\u00e9 a jin\u00ed politi\u010dt\u00ed \u0161\u00edb\u0159i. Chceme je odstranit z\u00a0\u010desk\u00e9 politick\u00e9 sc\u00e9ny, proto\u017ee t\u00edm by byla siln\u011b omezena i korupce, tud\u00ed\u017e se na pen\u00edze z\u00a0\u0159ad t\u011bchto don\u00e1tor\u016f nebudeme a nechceme spol\u00e9hat, proto\u017ee dob\u0159e v\u00edme, \u017ee v\u00a0\u017eivot\u011b nen\u00ed nic zadarmo, a pokud tito investo\u0159i poskytnou finance, logicky je cht\u011bj\u00ed i se ziskem zp\u00e1tky,\u00ab\u00a0<\/em>uvedl d\u00e1le pr\u00e1vn\u00edk a publicista s\u00a0t\u00edm, \u017ee strana bude investovat sv\u00e9 skromn\u00e9 prost\u0159edky a svoji pr\u00e1ci.\u00a0<em>\u00bbSpol\u00e9h\u00e1me i na drobn\u00e9 p\u0159\u00edsp\u011bvky od b\u011b\u017en\u00fdch ob\u010dan\u016f, pokud se v\u016fbec rozhodnou n\u00e1s finan\u010dn\u011b podpo\u0159it, ale rozhodn\u011b se nebudeme podb\u00edzet, \u0161kemrat a nebo, jak je dneska b\u011b\u017en\u00fdm zvykem na vlasteneck\u00e9 sc\u00e9n\u011b, vyd\u00edrat vyvol\u00e1v\u00e1n\u00edm pocitu strachu,\u00ab\u00a0<\/em>\u0159ekl R\u016f\u017ei\u010dka.<\/span><\/p>\n<p><span style=\"color: #000000;\">Na dotaz, kter\u00e9 osobnosti jdou po boku nov\u00e9 strany, odpov\u011bd\u011bl jednozna\u010dn\u011b.\u00a0<em>\u00bbJde s\u00a0n\u00e1mi spousta osobnost\u00ed a pro m\u011b a na\u0161e \u010dleny jsou osobnostmi ti, kte\u0159\u00ed se \u017eiv\u00ed poctivou prac\u00ed, tzv. s\u016fl zem\u011b, kte\u0159\u00ed p\u0159esto\u017ee pracuj\u00ed, jsou st\u00e1tn\u00ed moc\u00ed nejv\u00edce ohro\u017eov\u00e1ni a zat\u011b\u017eov\u00e1ni nesmysln\u00fdmi dan\u011bmi. Jde o lidi z\u00a0region\u016f, na nich\u017e tato zem\u011b stoj\u00ed, ne o \u017e\u00e1dn\u00e9 povale\u010de, mainstreamov\u00e9 komedianty ani vy\u010dichl\u00e9 sportovce,\u00ab<\/em>\u00a0sd\u011blil.<\/span><\/p>\n<p><span style=\"color: #000000;\">Vznik nov\u00e9 strany Institut Pro Libertate u\u017e p\u0159ed p\u00e1r t\u00fddny ozn\u00e1mili i pr\u00e1vn\u00edci ze spolku Pro Libertate, kte\u0159\u00ed se loni roze\u0161li s\u00a0PRO Jind\u0159icha Rajchla. Ti o p\u0159\u00edpadn\u00e9m t\u0159\u00ed\u0161t\u011bn\u00ed opozi\u010dn\u00edch sil uvedli n\u00e1sleduj\u00edc\u00ed: \u00bb<em>Podle n\u00e1s to zvl\u00e1d\u00e1 sou\u010dasn\u00e1 protivl\u00e1dn\u00ed sc\u00e9na i bez n\u00e1s\u2026 Nechceme nic \u201a\u0161t\u011bpit\u2018. Chceme lidem nab\u00eddnout politiku bez profesion\u00e1ln\u00edch politik\u016f. Politiku lid\u00ed, kte\u0159\u00ed si vyd\u011bl\u00e1vaj\u00ed vlastn\u00ed prac\u00ed, kte\u0159\u00ed nejsou odtr\u017eeni od reality, kte\u0159\u00ed ch\u00e1pou, co to znamen\u00e1 osobn\u00ed odpov\u011bdnost.\u00ab<\/em>\u00a0<\/span><\/p>\n<p><span style=\"color: #000000;\">A strana M\u00e1 vlast \u010cMS je v\u00a0tomto sm\u011bru je\u0161t\u011b v\u00edce kritick\u00e1.\u00a0<em>\u00bbNev\u00edm, o jak\u00e9 opozi\u010dn\u00ed sc\u00e9n\u011b je \u0159e\u010d,\u00ab<\/em>\u00a0reagoval na potenci\u00e1ln\u00ed t\u0159\u00ed\u0161t\u011bn\u00ed sil R\u016f\u017ei\u010dka.\u00a0<em>\u00bbT<\/em><em>o, \u017ee n\u011bkdo chce u koryta vyst\u0159\u00eddat p\u011btikoalici a s\u00a0drobn\u011b modifikovan\u00fdm programem pokra\u010dovat v\u00a0nastaven\u00e9 linii, pro m\u011b a na\u0161e \u010dleny nen\u00ed \u017e\u00e1dn\u00e1 opozice. Typick\u00fdm p\u0159\u00edkladem byla koresponden\u010dn\u00ed volba, kdy se l\u00edd\u0159i tzv. opozice Andrej Babi\u0161 a Tomio Okamura ani neobt\u011b\u017eovali p\u0159ij\u00edt do Sn\u011bmovny na hlasov\u00e1n\u00ed, kter\u00e9 ve\u0159ejn\u011b prohla\u0161ovali za zcela kruci\u00e1ln\u00ed. Dal\u0161\u00edm typick\u00fdm p\u0159\u00edkladem je b\u00fdval\u00fd premi\u00e9r Ji\u0159\u00ed Paroubek, kter\u00fd m\u011bl dostate\u010dn\u00fd prostor na to, aby uk\u00e1zal, jak to s\u00a0touto zem\u00ed mysl\u00ed, a v\u00fdsledkem byla pouze krvav\u00e1 st\u0159elba na autogrami\u00e1d\u011b jeho knihy. Podobn\u00fdch p\u0159\u00edklad\u016f z\u00a0\u0159ad kvaziopozice bych mohl uv\u00e9st nespo\u010det, proto si mysl\u00edm, \u017ee nen\u00ed co t\u0159\u00ed\u0161tit,\u00ab<\/em>\u00a0zakon\u010dil.<\/span><\/p>\n<blockquote class=\"wp-embedded-content\" data-secret=\"h9e4pNRVb8\"><p><a href=\"https:\/\/www.iportal24.cz\/featured\/vznikla-nova-strana-tercem-jsou-oligarchove-ale-nit-nenechava-suchou-ani-na-kvaziopozici\/\">Vznikla nov\u00e1 strana. Ter\u010dem jsou oligarchov\u00e9, ale nit nenech\u00e1v\u00e1 suchou ani na \u00bbkvaziopozici\u00ab<\/a><\/p><\/blockquote>\n<p><iframe loading=\"lazy\" class=\"wp-embedded-content\" sandbox=\"allow-scripts\" security=\"restricted\" style=\"position: absolute; visibility: hidden;\" title=\"&#8222;Vznikla nov\u00e1 strana. Ter\u010dem jsou oligarchov\u00e9, ale nit nenech\u00e1v\u00e1 suchou ani na \u00bbkvaziopozici\u00ab&#8220; &#8212; iportaL24.cz\" src=\"https:\/\/www.iportal24.cz\/featured\/vznikla-nova-strana-tercem-jsou-oligarchove-ale-nit-nenechava-suchou-ani-na-kvaziopozici\/embed\/#?secret=lMTZvC6Bsn#?secret=h9e4pNRVb8\" data-secret=\"h9e4pNRVb8\" width=\"600\" height=\"338\" frameborder=\"0\" marginwidth=\"0\" marginheight=\"0\" scrolling=\"no\"><\/iframe><\/p>\n<\/div>\n<\/div>\n<p>[\/et_pb_text][et_pb_image src=&#8220;http:\/\/www.mavlastcms.cz\/wp-content\/uploads\/2024\/08\/068-13D-ruzicka-1-1-pdf.jpg&#8220; title_text=&#8220;068-13D ruzicka-1&#8243; align=&#8220;center&#8220; _builder_version=&#8220;4.10.2&#8243; _module_preset=&#8220;default&#8220; custom_padding=&#8220;12px||||false|false&#8220; global_colors_info=&#8220;{}&#8220;][\/et_pb_image][et_pb_image src=&#8220;http:\/\/www.mavlastcms.cz\/wp-content\/uploads\/2024\/08\/070-16D-ruzicka-pdf.jpg&#8220; title_text=&#8220;070-16D ruzicka&#8220; _builder_version=&#8220;4.10.2&#8243; _module_preset=&#8220;default&#8220; min_height=&#8220;605px&#8220; custom_padding=&#8220;0px||||false|false&#8220; global_colors_info=&#8220;{}&#8220;][\/et_pb_image][\/et_pb_column][\/et_pb_row][\/et_pb_section]<\/p>\n","protected":false},"excerpt":{"rendered":"<p>Hnut\u00ed M\u00e1 vlast \u010cMS jde do voleb na Vyso\u010din\u011b se zna\u010dkou AK47 a snahou vym\u00fdtit korupci ILUSTRA\u010cN\u00cd FOTO &#8211; iportaL24.cz\/Petr Kojzar S\u00a0volebn\u00ed zna\u010dkou AK47 jde do krajsk\u00fdch voleb hnut\u00ed M\u00e1 vlast \u010cechy, Morava, Slezsko (\u010cMS). Jeho vznik ozn\u00e1mil na konci \u010dervna pr\u00e1vn\u00edk a publicista Lud\u011bk R\u016f\u017ei\u010dka, b\u00fdval\u00fd \u010dlen Voln\u00e9ho Bloku \u010di strany DOMOV (psali jsme\u00a0zde). [&hellip;]<\/p>\n","protected":false},"author":1,"featured_media":0,"parent":0,"menu_order":0,"comment_status":"closed","ping_status":"closed","template":"","meta":{"_et_pb_use_builder":"on","_et_pb_old_content":"","_et_gb_content_width":"1080","footnotes":""},"class_list":["post-26","page","type-page","status-publish","hentry"],"_links":{"self":[{"href":"https:\/\/www.mavlastcms.cz\/index.php?rest_route=\/wp\/v2\/pages\/26","targetHints":{"allow":["GET"]}}],"collection":[{"href":"https:\/\/www.mavlastcms.cz\/index.php?rest_route=\/wp\/v2\/pages"}],"about":[{"href":"https:\/\/www.mavlastcms.cz\/index.php?rest_route=\/wp\/v2\/types\/page"}],"author":[{"embeddable":true,"href":"https:\/\/www.mavlastcms.cz\/index.php?rest_route=\/wp\/v2\/users\/1"}],"replies":[{"embeddable":true,"href":"https:\/\/www.mavlastcms.cz\/index.php?rest_route=%2Fwp%2Fv2%2Fcomments&post=26"}],"version-history":[{"count":11,"href":"https:\/\/www.mavlastcms.cz\/index.php?rest_route=\/wp\/v2\/pages\/26\/revisions"}],"predecessor-version":[{"id":92,"href":"https:\/\/www.mavlastcms.cz\/index.php?rest_route=\/wp\/v2\/pages\/26\/revisions\/92"}],"wp:attachment":[{"href":"https:\/\/www.mavlastcms.cz\/index.php?rest_route=%2Fwp%2Fv2%2Fmedia&parent=26"}],"curies":[{"name":"wp","href":"https:\/\/api.w.org\/{rel}","templated":true}]}}